{"id":994,"date":"2023-05-15T17:37:14","date_gmt":"2023-05-15T16:37:14","guid":{"rendered":"https:\/\/staging.kambi.com\/news-insights\/kambi-nombro-a-camilo-millon-para-liderar-la-expansion-comercial-en-latinoamerica\/"},"modified":"2026-08-30T21:12:27","modified_gmt":"2026-08-30T20:12:27","slug":"kambi-nombro-a-camilo-millon-para-liderar-la-expansion-comercial-en-latinoamerica","status":"publish","type":"resource","link":"https:\/\/www.kambi.com\/es\/noticias-perspectivas\/recursos\/perspectivas\/kambi-nombro-a-camilo-millon-para-liderar-la-expansion-comercial-en-latinoamerica\/","title":{"rendered":"Kambi nombr\u00f3 a Camilo Mill\u00f3n para liderar la expansi\u00f3n comercial en Latinoam\u00e9rica"},"content":{"rendered":"\n<p class=\"wp-block-paragraph\">La empresa Kambi anunci\u00f3 que refuerza su equipo comercial con el nombramiento del experimentado ejecutivo de la industria Camilo Millon como director de Ventas para Latinoam\u00e9rica.<\/p>\n\n\n\n<figure data-wp-context=\"{&quot;imageId&quot;:&quot;6a9767859d454&quot;}\" data-wp-interactive=\"core\/image\" data-wp-key=\"6a9767859d454\" class=\"wp-block-image size-large wp-lightbox-container\"><img loading=\"lazy\" decoding=\"async\" width=\"500\" height=\"500\" data-wp-class--hide=\"state.isContentHidden\" data-wp-class--show=\"state.isContentVisible\" data-wp-init=\"callbacks.setButtonStyles\" data-wp-on--click=\"actions.showLightbox\" data-wp-on--load=\"callbacks.setButtonStyles\" data-wp-on--pointerdown=\"actions.preloadImage\" data-wp-on--pointerenter=\"actions.preloadImageWithDelay\" data-wp-on--pointerleave=\"actions.cancelPreload\" data-wp-on-window--resize=\"callbacks.setButtonStyles\" src=\"http:\/\/www.kambi.com\/wp-content\/uploads\/2026\/08\/Camilo-Millon-Director-Sales-LatAm.jpg\" alt=\"\" class=\"wp-image-992\" srcset=\"https:\/\/www.kambi.com\/wp-content\/uploads\/2026\/08\/Camilo-Millon-Director-Sales-LatAm.jpg 500w, https:\/\/www.kambi.com\/wp-content\/uploads\/2026\/08\/Camilo-Millon-Director-Sales-LatAm-300x300.jpg 300w, https:\/\/www.kambi.com\/wp-content\/uploads\/2026\/08\/Camilo-Millon-Director-Sales-LatAm-150x150.jpg 150w\" sizes=\"auto, (max-width: 500px) 100vw, 500px\" \/><button\n\t\t\tclass=\"lightbox-trigger\"\n\t\t\ttype=\"button\"\n\t\t\taria-haspopup=\"dialog\"\n\t\t\tdata-wp-bind--aria-label=\"state.thisImage.triggerButtonAriaLabel\"\n\t\t\tdata-wp-init=\"callbacks.initTriggerButton\"\n\t\t\tdata-wp-on--click=\"actions.showLightbox\"\n\t\t\tdata-wp-style--right=\"state.thisImage.buttonRight\"\n\t\t\tdata-wp-style--top=\"state.thisImage.buttonTop\"\n\t\t>\n\t\t\t<svg xmlns=\"http:\/\/www.w3.org\/2000\/svg\" width=\"12\" height=\"12\" fill=\"none\" viewBox=\"0 0 12 12\">\n\t\t\t\t<path fill=\"#fff\" d=\"M2 0a2 2 0 0 0-2 2v2h1.5V2a.5.5 0 0 1 .5-.5h2V0H2Zm2 10.5H2a.5.5 0 0 1-.5-.5V8H0v2a2 2 0 0 0 2 2h2v-1.5ZM8 12v-1.5h2a.5.5 0 0 0 .5-.5V8H12v2a2 2 0 0 1-2 2H8Zm2-12a2 2 0 0 1 2 2v2h-1.5V2a.5.5 0 0 0-.5-.5H8V0h2Z\" \/>\n\t\t\t<\/svg>\n\t\t<\/button><\/figure>\n\n\n\n<p class=\"wp-block-paragraph\"><span dir=\"auto\">Expansion Comercial En LatinoAmerica<\/span><\/p>\n\n\n\n<p class=\"wp-block-paragraph\">Ocupando su nuevo puesto,\u00a0Millon supervisar\u00e1 <a href=\"https:\/\/www.kambi.com\/news-insights\/calidad-y-diferenciacion-lineas-maestras-en-la-expansion-de-kambi\/\">la expansi\u00f3n comercial de Kambi<\/a> en toda la regi\u00f3n, liderando los procesos de venta de <a href=\"https:\/\/www.kambi.com\/es\/que-hacemos\/\">las apuestas deportivas llave en mano de Kambi<\/a> y la gama de servicios modularizados, incluyendo el galardonado Kambi Bet Builder.<\/p>\n\n\n\n<p class=\"wp-block-paragraph\">Desde la firma destacaron que el ejecutivo aportar\u00e1 una\u00a0amplia experiencia en apuestas y juegos, habiendo trabajado como ejecutivo en varios organismos l\u00edderes de la industria y, m\u00e1s recientemente, como Jefe de Ventas para Latinoam\u00e9rica y Espa\u00f1a para el proveedor de deportes virtuales\u00a0Kiron Interactive.<\/p>\n\n\n\n<p class=\"wp-block-paragraph\">Este nombramiento llega en medio del fuerte avance de Kambi en la regi\u00f3n, <a href=\"https:\/\/www.kambi.com\/es\/sobre-kambi\/\">que impulsa a los l\u00edderes del mercado<\/a> colombiano\u00a0BetPlay\u00a0y\u00a0RushBet, y recientemente se asoci\u00f3 con el operador brasile\u00f1o de deportes de fantas\u00eda diarios\u00a0Rei do Pitaco.<\/p>\n\n\n\n<p class=\"wp-block-paragraph\">\u00abEstamos encantados de dar la bienvenida a Camilo al equipo de Kambi en un momento incre\u00edblemente emocionante para el negocio.\u00a0El historial probado y la experiencia comercial que aporta ser\u00e1n inmensamente valiosos\u00a0a medida que buscamos aprovechar nuestro impulso en toda Am\u00e9rica Latina y m\u00e1s all\u00e1\u00bb, expres\u00f3\u00a0Sarah Robertson, vicepresidenta s\u00e9nior de Ventas de Kambi.<\/p>\n\n\n\n<p class=\"wp-block-paragraph\">Por su parte, Millon agreg\u00f3: \u00abEstoy muy contento de haberme unido a Kambi, el proveedor l\u00edder mundial de entretenimiento de apuestas deportivas de pr\u00f3xima generaci\u00f3n. La compa\u00f1\u00eda ya tiene una amplia huella en Am\u00e9rica Latina y\u00a0estoy emocionado de ayudar a llevar esto al siguiente nivel, haciendo crecer el negocio en toda la regi\u00f3n y capitalizando la difusi\u00f3n de la regulaci\u00f3n de las apuestas deportivas\u201d.<\/p>\n\n\n\n<figure data-wp-context=\"{&quot;imageId&quot;:&quot;6a9767859db2f&quot;}\" data-wp-interactive=\"core\/image\" data-wp-key=\"6a9767859db2f\" class=\"wp-block-image size-large wp-lightbox-container\"><img loading=\"lazy\" decoding=\"async\" width=\"728\" height=\"90\" data-wp-class--hide=\"state.isContentHidden\" data-wp-class--show=\"state.isContentVisible\" data-wp-init=\"callbacks.setButtonStyles\" data-wp-on--click=\"actions.showLightbox\" data-wp-on--load=\"callbacks.setButtonStyles\" data-wp-on--pointerdown=\"actions.preloadImage\" data-wp-on--pointerenter=\"actions.preloadImageWithDelay\" data-wp-on--pointerleave=\"actions.cancelPreload\" data-wp-on-window--resize=\"callbacks.setButtonStyles\" src=\"http:\/\/www.kambi.com\/wp-content\/uploads\/2026\/08\/Partner-Hub-FoS-2.png\" alt=\"\" class=\"wp-image-993\" srcset=\"https:\/\/www.kambi.com\/wp-content\/uploads\/2026\/08\/Partner-Hub-FoS-2.png 728w, https:\/\/www.kambi.com\/wp-content\/uploads\/2026\/08\/Partner-Hub-FoS-2-300x37.png 300w, https:\/\/www.kambi.com\/wp-content\/uploads\/2026\/08\/Partner-Hub-FoS-2-150x19.png 150w\" sizes=\"auto, (max-width: 728px) 100vw, 728px\" \/><button\n\t\t\tclass=\"lightbox-trigger\"\n\t\t\ttype=\"button\"\n\t\t\taria-haspopup=\"dialog\"\n\t\t\tdata-wp-bind--aria-label=\"state.thisImage.triggerButtonAriaLabel\"\n\t\t\tdata-wp-init=\"callbacks.initTriggerButton\"\n\t\t\tdata-wp-on--click=\"actions.showLightbox\"\n\t\t\tdata-wp-style--right=\"state.thisImage.buttonRight\"\n\t\t\tdata-wp-style--top=\"state.thisImage.buttonTop\"\n\t\t>\n\t\t\t<svg xmlns=\"http:\/\/www.w3.org\/2000\/svg\" width=\"12\" height=\"12\" fill=\"none\" viewBox=\"0 0 12 12\">\n\t\t\t\t<path fill=\"#fff\" d=\"M2 0a2 2 0 0 0-2 2v2h1.5V2a.5.5 0 0 1 .5-.5h2V0H2Zm2 10.5H2a.5.5 0 0 1-.5-.5V8H0v2a2 2 0 0 0 2 2h2v-1.5ZM8 12v-1.5h2a.5.5 0 0 0 .5-.5V8H12v2a2 2 0 0 1-2 2H8Zm2-12a2 2 0 0 1 2 2v2h-1.5V2a.5.5 0 0 0-.5-.5H8V0h2Z\" \/>\n\t\t\t<\/svg>\n\t\t<\/button><\/figure>\n\n\n\n<p class=\"wp-block-paragraph\">Kambi confirm\u00f3 que Camilo Millon estar\u00e1 presente en el Kambi\u00a0<strong>Festival of Sportsbook 2023<\/strong>, que se celebrar\u00e1 del 6 al 9 de junio.<\/p>\n\n\n","protected":false},"featured_media":992,"template":"","meta":{"_acf_changed":false},"resource-category":[295],"class_list":["post-994","resource","type-resource","status-publish","has-post-thumbnail","hentry","resource-category-perspectivas"],"acf":[],"yoast_head":"<!-- This site is optimized with the Yoast SEO plugin v28.4 - https:\/\/yoast.com\/product\/yoast-seo-wordpress\/ -->\n<title>Kambi nombr\u00f3 a Camilo Mill\u00f3n para liderar la expansi\u00f3n comercial en Latinoam\u00e9rica - www.kambi.com<\/title>\n<meta name=\"description\" content=\"La empresa Kambi anunci\u00f3 que refuerza su equipo comercial con el nombramiento del experimentado ejecutivo de la industria Camilo Millon como director de Ventas para Latinoam\u00e9rica.\" \/>\n<meta name=\"robots\" content=\"index, follow, max-snippet:-1, max-image-preview:large, max-video-preview:-1\" \/>\n<link rel=\"canonical\" href=\"https:\/\/www.kambi.com\/es\/noticias-perspectivas\/recursos\/perspectivas\/kambi-nombro-a-camilo-millon-para-liderar-la-expansion-comercial-en-latinoamerica\/\" \/>\n<meta property=\"og:locale\" content=\"es_ES\" \/>\n<meta property=\"og:type\" content=\"article\" \/>\n<meta property=\"og:title\" content=\"Kambi nombr\u00f3 a Camilo Mill\u00f3n para liderar la expansi\u00f3n comercial en Latinoam\u00e9rica - www.kambi.com\" \/>\n<meta property=\"og:description\" content=\"La empresa Kambi anunci\u00f3 que refuerza su equipo comercial con el nombramiento del experimentado ejecutivo de la industria Camilo Millon como director de Ventas para Latinoam\u00e9rica.\" \/>\n<meta property=\"og:url\" content=\"https:\/\/www.kambi.com\/es\/noticias-perspectivas\/recursos\/perspectivas\/kambi-nombro-a-camilo-millon-para-liderar-la-expansion-comercial-en-latinoamerica\/\" \/>\n<meta property=\"og:site_name\" content=\"www.kambi.com\" \/>\n<meta property=\"article:modified_time\" content=\"2026-08-30T20:12:27+00:00\" \/>\n<meta property=\"og:image\" content=\"http:\/\/www.kambi.com\/wp-content\/uploads\/2026\/08\/Camilo-Millon-Director-Sales-LatAm.jpg\" \/>\n\t<meta property=\"og:image:width\" content=\"500\" \/>\n\t<meta property=\"og:image:height\" content=\"500\" \/>\n\t<meta property=\"og:image:type\" content=\"image\/jpeg\" \/>\n<meta name=\"twitter:card\" content=\"summary_large_image\" \/>\n<meta name=\"twitter:label1\" content=\"Tiempo de lectura\" \/>\n\t<meta name=\"twitter:data1\" content=\"2 minutos\" \/>\n<script type=\"application\/ld+json\" class=\"yoast-schema-graph\">{\"@context\":\"https:\\\/\\\/schema.org\",\"@graph\":[{\"@type\":\"WebPage\",\"@id\":\"https:\\\/\\\/www.kambi.com\\\/es\\\/noticias-perspectivas\\\/recursos\\\/perspectivas\\\/kambi-nombro-a-camilo-millon-para-liderar-la-expansion-comercial-en-latinoamerica\\\/\",\"url\":\"https:\\\/\\\/www.kambi.com\\\/es\\\/noticias-perspectivas\\\/recursos\\\/perspectivas\\\/kambi-nombro-a-camilo-millon-para-liderar-la-expansion-comercial-en-latinoamerica\\\/\",\"name\":\"Kambi nombr\u00f3 a Camilo Mill\u00f3n para liderar la expansi\u00f3n comercial en Latinoam\u00e9rica - www.kambi.com\",\"isPartOf\":{\"@id\":\"https:\\\/\\\/www.kambi.com\\\/#website\"},\"primaryImageOfPage\":{\"@id\":\"https:\\\/\\\/www.kambi.com\\\/es\\\/noticias-perspectivas\\\/recursos\\\/perspectivas\\\/kambi-nombro-a-camilo-millon-para-liderar-la-expansion-comercial-en-latinoamerica\\\/#primaryimage\"},\"image\":{\"@id\":\"https:\\\/\\\/www.kambi.com\\\/es\\\/noticias-perspectivas\\\/recursos\\\/perspectivas\\\/kambi-nombro-a-camilo-millon-para-liderar-la-expansion-comercial-en-latinoamerica\\\/#primaryimage\"},\"thumbnailUrl\":\"https:\\\/\\\/www.kambi.com\\\/wp-content\\\/uploads\\\/2026\\\/08\\\/Camilo-Millon-Director-Sales-LatAm.jpg\",\"datePublished\":\"2023-05-15T16:37:14+00:00\",\"dateModified\":\"2026-08-30T20:12:27+00:00\",\"description\":\"La empresa Kambi anunci\u00f3 que refuerza su equipo comercial con el nombramiento del experimentado ejecutivo de la industria Camilo Millon como director de Ventas para Latinoam\u00e9rica.\",\"breadcrumb\":{\"@id\":\"https:\\\/\\\/www.kambi.com\\\/es\\\/noticias-perspectivas\\\/recursos\\\/perspectivas\\\/kambi-nombro-a-camilo-millon-para-liderar-la-expansion-comercial-en-latinoamerica\\\/#breadcrumb\"},\"inLanguage\":\"es\",\"potentialAction\":[{\"@type\":\"ReadAction\",\"target\":[\"https:\\\/\\\/www.kambi.com\\\/es\\\/noticias-perspectivas\\\/recursos\\\/perspectivas\\\/kambi-nombro-a-camilo-millon-para-liderar-la-expansion-comercial-en-latinoamerica\\\/\"]}]},{\"@type\":\"ImageObject\",\"inLanguage\":\"es\",\"@id\":\"https:\\\/\\\/www.kambi.com\\\/es\\\/noticias-perspectivas\\\/recursos\\\/perspectivas\\\/kambi-nombro-a-camilo-millon-para-liderar-la-expansion-comercial-en-latinoamerica\\\/#primaryimage\",\"url\":\"https:\\\/\\\/www.kambi.com\\\/wp-content\\\/uploads\\\/2026\\\/08\\\/Camilo-Millon-Director-Sales-LatAm.jpg\",\"contentUrl\":\"https:\\\/\\\/www.kambi.com\\\/wp-content\\\/uploads\\\/2026\\\/08\\\/Camilo-Millon-Director-Sales-LatAm.jpg\",\"width\":500,\"height\":500},{\"@type\":\"BreadcrumbList\",\"@id\":\"https:\\\/\\\/www.kambi.com\\\/es\\\/noticias-perspectivas\\\/recursos\\\/perspectivas\\\/kambi-nombro-a-camilo-millon-para-liderar-la-expansion-comercial-en-latinoamerica\\\/#breadcrumb\",\"itemListElement\":[{\"@type\":\"ListItem\",\"position\":1,\"name\":\"Home\",\"item\":\"https:\\\/\\\/www.kambi.com\\\/es\\\/\"},{\"@type\":\"ListItem\",\"position\":2,\"name\":\"Kambi nombr\u00f3 a Camilo Mill\u00f3n para liderar la expansi\u00f3n comercial en Latinoam\u00e9rica\"}]},{\"@type\":\"WebSite\",\"@id\":\"https:\\\/\\\/www.kambi.com\\\/#website\",\"url\":\"https:\\\/\\\/www.kambi.com\\\/\",\"name\":\"www.kambi.com\",\"description\":\"\",\"potentialAction\":[{\"@type\":\"SearchAction\",\"target\":{\"@type\":\"EntryPoint\",\"urlTemplate\":\"https:\\\/\\\/www.kambi.com\\\/?s={search_term_string}\"},\"query-input\":{\"@type\":\"PropertyValueSpecification\",\"valueRequired\":true,\"valueName\":\"search_term_string\"}}],\"inLanguage\":\"es\"}]}<\/script>\n<!-- \/ Yoast SEO plugin. -->","yoast_head_json":{"title":"Kambi nombr\u00f3 a Camilo Mill\u00f3n para liderar la expansi\u00f3n comercial en Latinoam\u00e9rica - www.kambi.com","description":"La empresa Kambi anunci\u00f3 que refuerza su equipo comercial con el nombramiento del experimentado ejecutivo de la industria Camilo Millon como director de Ventas para Latinoam\u00e9rica.","robots":{"index":"index","follow":"follow","max-snippet":"max-snippet:-1","max-image-preview":"max-image-preview:large","max-video-preview":"max-video-preview:-1"},"canonical":"https:\/\/www.kambi.com\/es\/noticias-perspectivas\/recursos\/perspectivas\/kambi-nombro-a-camilo-millon-para-liderar-la-expansion-comercial-en-latinoamerica\/","og_locale":"es_ES","og_type":"article","og_title":"Kambi nombr\u00f3 a Camilo Mill\u00f3n para liderar la expansi\u00f3n comercial en Latinoam\u00e9rica - www.kambi.com","og_description":"La empresa Kambi anunci\u00f3 que refuerza su equipo comercial con el nombramiento del experimentado ejecutivo de la industria Camilo Millon como director de Ventas para Latinoam\u00e9rica.","og_url":"https:\/\/www.kambi.com\/es\/noticias-perspectivas\/recursos\/perspectivas\/kambi-nombro-a-camilo-millon-para-liderar-la-expansion-comercial-en-latinoamerica\/","og_site_name":"www.kambi.com","article_modified_time":"2026-08-30T20:12:27+00:00","og_image":[{"width":500,"height":500,"url":"http:\/\/www.kambi.com\/wp-content\/uploads\/2026\/08\/Camilo-Millon-Director-Sales-LatAm.jpg","type":"image\/jpeg"}],"twitter_card":"summary_large_image","twitter_misc":{"Tiempo de lectura":"2 minutos"},"schema":{"@context":"https:\/\/schema.org","@graph":[{"@type":"WebPage","@id":"https:\/\/www.kambi.com\/es\/noticias-perspectivas\/recursos\/perspectivas\/kambi-nombro-a-camilo-millon-para-liderar-la-expansion-comercial-en-latinoamerica\/","url":"https:\/\/www.kambi.com\/es\/noticias-perspectivas\/recursos\/perspectivas\/kambi-nombro-a-camilo-millon-para-liderar-la-expansion-comercial-en-latinoamerica\/","name":"Kambi nombr\u00f3 a Camilo Mill\u00f3n para liderar la expansi\u00f3n comercial en Latinoam\u00e9rica - www.kambi.com","isPartOf":{"@id":"https:\/\/www.kambi.com\/#website"},"primaryImageOfPage":{"@id":"https:\/\/www.kambi.com\/es\/noticias-perspectivas\/recursos\/perspectivas\/kambi-nombro-a-camilo-millon-para-liderar-la-expansion-comercial-en-latinoamerica\/#primaryimage"},"image":{"@id":"https:\/\/www.kambi.com\/es\/noticias-perspectivas\/recursos\/perspectivas\/kambi-nombro-a-camilo-millon-para-liderar-la-expansion-comercial-en-latinoamerica\/#primaryimage"},"thumbnailUrl":"https:\/\/www.kambi.com\/wp-content\/uploads\/2026\/08\/Camilo-Millon-Director-Sales-LatAm.jpg","datePublished":"2023-05-15T16:37:14+00:00","dateModified":"2026-08-30T20:12:27+00:00","description":"La empresa Kambi anunci\u00f3 que refuerza su equipo comercial con el nombramiento del experimentado ejecutivo de la industria Camilo Millon como director de Ventas para Latinoam\u00e9rica.","breadcrumb":{"@id":"https:\/\/www.kambi.com\/es\/noticias-perspectivas\/recursos\/perspectivas\/kambi-nombro-a-camilo-millon-para-liderar-la-expansion-comercial-en-latinoamerica\/#breadcrumb"},"inLanguage":"es","potentialAction":[{"@type":"ReadAction","target":["https:\/\/www.kambi.com\/es\/noticias-perspectivas\/recursos\/perspectivas\/kambi-nombro-a-camilo-millon-para-liderar-la-expansion-comercial-en-latinoamerica\/"]}]},{"@type":"ImageObject","inLanguage":"es","@id":"https:\/\/www.kambi.com\/es\/noticias-perspectivas\/recursos\/perspectivas\/kambi-nombro-a-camilo-millon-para-liderar-la-expansion-comercial-en-latinoamerica\/#primaryimage","url":"https:\/\/www.kambi.com\/wp-content\/uploads\/2026\/08\/Camilo-Millon-Director-Sales-LatAm.jpg","contentUrl":"https:\/\/www.kambi.com\/wp-content\/uploads\/2026\/08\/Camilo-Millon-Director-Sales-LatAm.jpg","width":500,"height":500},{"@type":"BreadcrumbList","@id":"https:\/\/www.kambi.com\/es\/noticias-perspectivas\/recursos\/perspectivas\/kambi-nombro-a-camilo-millon-para-liderar-la-expansion-comercial-en-latinoamerica\/#breadcrumb","itemListElement":[{"@type":"ListItem","position":1,"name":"Home","item":"https:\/\/www.kambi.com\/es\/"},{"@type":"ListItem","position":2,"name":"Kambi nombr\u00f3 a Camilo Mill\u00f3n para liderar la expansi\u00f3n comercial en Latinoam\u00e9rica"}]},{"@type":"WebSite","@id":"https:\/\/www.kambi.com\/#website","url":"https:\/\/www.kambi.com\/","name":"www.kambi.com","description":"","potentialAction":[{"@type":"SearchAction","target":{"@type":"EntryPoint","urlTemplate":"https:\/\/www.kambi.com\/?s={search_term_string}"},"query-input":{"@type":"PropertyValueSpecification","valueRequired":true,"valueName":"search_term_string"}}],"inLanguage":"es"}]}},"_links":{"self":[{"href":"https:\/\/www.kambi.com\/es\/wp-json\/wp\/v2\/resource\/994","targetHints":{"allow":["GET"]}}],"collection":[{"href":"https:\/\/www.kambi.com\/es\/wp-json\/wp\/v2\/resource"}],"about":[{"href":"https:\/\/www.kambi.com\/es\/wp-json\/wp\/v2\/types\/resource"}],"wp:featuredmedia":[{"embeddable":true,"href":"https:\/\/www.kambi.com\/es\/wp-json\/wp\/v2\/media\/992"}],"wp:attachment":[{"href":"https:\/\/www.kambi.com\/es\/wp-json\/wp\/v2\/media?parent=994"}],"wp:term":[{"taxonomy":"resource-category","embeddable":true,"href":"https:\/\/www.kambi.com\/es\/wp-json\/wp\/v2\/resource-category?post=994"}],"curies":[{"name":"wp","href":"https:\/\/api.w.org\/{rel}","templated":true}]}}